{"id":395,"date":"2020-03-08T20:46:45","date_gmt":"2020-03-08T19:46:45","guid":{"rendered":"https:\/\/notredamedechine.fr\/?page_id=395"},"modified":"2020-03-08T21:14:58","modified_gmt":"2020-03-08T20:14:58","slug":"le-sacrement-des-malades","status":"publish","type":"page","link":"https:\/\/notredamedechine.fr\/?page_id=395","title":{"rendered":"Le sacrement des malades"},"content":{"rendered":"\n<figure class=\"wp-block-image size-large is-resized\"><img loading=\"lazy\" decoding=\"async\" src=\"https:\/\/notredamedechine.fr\/wp-content\/uploads\/2020\/03\/sacrement-malade.jpg\" alt=\"\" class=\"wp-image-432\" width=\"157\" height=\"238\" srcset=\"https:\/\/notredamedechine.fr\/wp-content\/uploads\/2020\/03\/sacrement-malade.jpg 291w, https:\/\/notredamedechine.fr\/wp-content\/uploads\/2020\/03\/sacrement-malade-198x300.jpg 198w\" sizes=\"auto, (max-width: 157px) 100vw, 157px\" \/><\/figure>\n\n\n\n<p>Dieu aime les hommes. Il aime plus particuli\u00e8rement ceux\net celles qui souffrent de maladies. Le sacrement des malades leur est\nsp\u00e9cialement destin\u00e9. Au travers de ce sacrement, le Seigneur donne aux malades\nla pers\u00e9v\u00e9rance et la patience n\u00e9cessaires de supporter les \u00e9preuves. Ils se\nrapprochent ainsi du Christ souffrant qui s\u2019est sacrifi\u00e9 par amour de Dieu et\ndes hommes. Les malades obtiennent le r\u00e9confort, reprennent le courage,\nl\u2019espoir et la force. Le sacrement des malades ne doit donc pas \u00eatre confondu\navec l\u2019extr\u00eame onction. Il est possible de le recevoir plus d\u2019une fois et \u00e0\ntout \u00e2ge. <\/p>\n\n\n\n<p>Les personnes en fin de vie peuvent recevoir le sacrement\nde la R\u00e9conciliation, l\u2019Onction des malades et le Saint Viatique (derni\u00e8re\ncommunion) pour se pr\u00e9parer \u00e0 retourner dans les bras de Dieu.<\/p>\n\n\n\n<p>Pour recevoir le sacrement des malades, vous pouvez prendre contact avec un pr\u00eatre de la paroisse.<\/p>\n\n\n\n<p><strong>Faire dire une messe<\/strong><\/p>\n\n\n\n<p>On peut demander la pri\u00e8re de la communaut\u00e9 pour une intention particuli\u00e8re pendant la messe: pour un d\u00e9funt, pour un malade, pour des jeunes mari\u00e9s, pour un parent, pour soi-m\u00eame, pour la vie du monde ou la vie de l\u2019Eglise, <em>etc.<\/em> Il suffit de vous adresser \u00e0 l\u2019accueil. Une personne est sp\u00e9cialement en charge de recueillir les intentions de messe.<\/p>\n\n\n\n<p><strong>Les obs\u00e8ques religieuses&nbsp;<\/strong><\/p>\n\n\n\n<p>Au moment du\nd\u00e9c\u00e8s, il est possible de vivre une c\u00e9l\u00e9bration \u00e0 l\u2019\u00e9glise pour confier le\nd\u00e9funt au Seigneur. Il suffit d\u2019en faire la demande aux Pompes Fun\u00e8bres qui\nprendront contact avec l\u2019Eglise. Un pr\u00eatre vous accompagnera dans cette\nd\u00e9marche et pr\u00e9parera avec vous la c\u00e9l\u00e9bration. <\/p>\n","protected":false},"excerpt":{"rendered":"<p>Dieu aime les hommes. Il aime plus particuli\u00e8rement ceux et celles qui souffrent de maladies. Le sacrement des malades leur est sp\u00e9cialement destin\u00e9. Au travers de ce sacrement, le Seigneur donne aux malades la pers\u00e9v\u00e9rance et la patience n\u00e9cessaires de supporter les \u00e9preuves. Ils se rapprochent ainsi du Christ souffrant qui s\u2019est sacrifi\u00e9 par amour [&hellip;]<\/p>\n","protected":false},"author":4,"featured_media":0,"parent":0,"menu_order":0,"comment_status":"closed","ping_status":"closed","template":"","meta":{"footnotes":""},"class_list":["post-395","page","type-page","status-publish","hentry"],"_links":{"self":[{"href":"https:\/\/notredamedechine.fr\/index.php?rest_route=\/wp\/v2\/pages\/395","targetHints":{"allow":["GET"]}}],"collection":[{"href":"https:\/\/notredamedechine.fr\/index.php?rest_route=\/wp\/v2\/pages"}],"about":[{"href":"https:\/\/notredamedechine.fr\/index.php?rest_route=\/wp\/v2\/types\/page"}],"author":[{"embeddable":true,"href":"https:\/\/notredamedechine.fr\/index.php?rest_route=\/wp\/v2\/users\/4"}],"replies":[{"embeddable":true,"href":"https:\/\/notredamedechine.fr\/index.php?rest_route=%2Fwp%2Fv2%2Fcomments&post=395"}],"version-history":[{"count":2,"href":"https:\/\/notredamedechine.fr\/index.php?rest_route=\/wp\/v2\/pages\/395\/revisions"}],"predecessor-version":[{"id":433,"href":"https:\/\/notredamedechine.fr\/index.php?rest_route=\/wp\/v2\/pages\/395\/revisions\/433"}],"wp:attachment":[{"href":"https:\/\/notredamedechine.fr\/index.php?rest_route=%2Fwp%2Fv2%2Fmedia&parent=395"}],"curies":[{"name":"wp","href":"https:\/\/api.w.org\/{rel}","templated":true}]}}