{"id":540,"date":"2020-04-05T19:50:36","date_gmt":"2020-04-05T17:50:36","guid":{"rendered":"https:\/\/notredamedechine.fr\/?page_id=540"},"modified":"2020-04-05T20:13:24","modified_gmt":"2020-04-05T18:13:24","slug":"avent-et-noel","status":"publish","type":"page","link":"https:\/\/notredamedechine.fr\/?page_id=540","title":{"rendered":"L&rsquo;Avent et N\u00f6el"},"content":{"rendered":"\n<p>No\u00ebl f\u00eate la naissance du Christ. Cette f\u00eate est\npr\u00e9c\u00e9d\u00e9e par les 4 semaines de l\u2019Avent. L\u2019Avent veut dire\n\u00ab&nbsp;l\u2019av\u00e8nement&nbsp;\u00bb. Le d\u00e9but de l\u2019Avent marque l\u2019entr\u00e9e dans une\nnouvelle ann\u00e9e liturgique. La grande messe de No\u00ebl est c\u00e9l\u00e9br\u00e9e le soir du 24\nd\u00e9cembre. La liturgie de la messe de No\u00ebl est particuli\u00e8rement joyeuse. A la\nveill\u00e9e de No\u00ebl, J\u00e9sus nouveau-n\u00e9 est enfin plac\u00e9e \u00e0 c\u00f4t\u00e9 de sa m\u00e8re, dans la\ncr\u00e8che install\u00e9e dans les \u00e9glises quatre semaines avant, pour mettre en sc\u00e8ne\nla nativit\u00e9. Les croyants exultent de joie pour accueillir la Bonne Nouvelle. <\/p>\n\n\n\n<p>La paroisse organise chaque ann\u00e9e pendant l\u2019Avent une journ\u00e9e de r\u00e9collection. Elle permet \u00e0 chacun de se pr\u00e9parer spirituellement pour accueillir l\u2019Enfant J\u00e9sus. <\/p>\n","protected":false},"excerpt":{"rendered":"<p>No\u00ebl f\u00eate la naissance du Christ. Cette f\u00eate est pr\u00e9c\u00e9d\u00e9e par les 4 semaines de l\u2019Avent. L\u2019Avent veut dire \u00ab&nbsp;l\u2019av\u00e8nement&nbsp;\u00bb. Le d\u00e9but de l\u2019Avent marque l\u2019entr\u00e9e dans une nouvelle ann\u00e9e liturgique. La grande messe de No\u00ebl est c\u00e9l\u00e9br\u00e9e le soir du 24 d\u00e9cembre. La liturgie de la messe de No\u00ebl est particuli\u00e8rement joyeuse. A la [&hellip;]<\/p>\n","protected":false},"author":4,"featured_media":0,"parent":0,"menu_order":0,"comment_status":"closed","ping_status":"closed","template":"","meta":{"footnotes":""},"class_list":["post-540","page","type-page","status-publish","hentry"],"_links":{"self":[{"href":"https:\/\/notredamedechine.fr\/index.php?rest_route=\/wp\/v2\/pages\/540","targetHints":{"allow":["GET"]}}],"collection":[{"href":"https:\/\/notredamedechine.fr\/index.php?rest_route=\/wp\/v2\/pages"}],"about":[{"href":"https:\/\/notredamedechine.fr\/index.php?rest_route=\/wp\/v2\/types\/page"}],"author":[{"embeddable":true,"href":"https:\/\/notredamedechine.fr\/index.php?rest_route=\/wp\/v2\/users\/4"}],"replies":[{"embeddable":true,"href":"https:\/\/notredamedechine.fr\/index.php?rest_route=%2Fwp%2Fv2%2Fcomments&post=540"}],"version-history":[{"count":3,"href":"https:\/\/notredamedechine.fr\/index.php?rest_route=\/wp\/v2\/pages\/540\/revisions"}],"predecessor-version":[{"id":588,"href":"https:\/\/notredamedechine.fr\/index.php?rest_route=\/wp\/v2\/pages\/540\/revisions\/588"}],"wp:attachment":[{"href":"https:\/\/notredamedechine.fr\/index.php?rest_route=%2Fwp%2Fv2%2Fmedia&parent=540"}],"curies":[{"name":"wp","href":"https:\/\/api.w.org\/{rel}","templated":true}]}}