{"id":546,"date":"2020-04-05T19:55:51","date_gmt":"2020-04-05T17:55:51","guid":{"rendered":"https:\/\/notredamedechine.fr\/?page_id=546"},"modified":"2020-04-05T19:55:51","modified_gmt":"2020-04-05T17:55:51","slug":"careme-semaine-sainte-et-paques","status":"publish","type":"page","link":"https:\/\/notredamedechine.fr\/?page_id=546","title":{"rendered":"Car\u00eame, Semaine Sainte et P\u00e2ques"},"content":{"rendered":"\n<p>P\u00e2ques est la f\u00eate la plus importante pour les chr\u00e9tiens.\nAu c\u0153ur de la foi chr\u00e9tienne, P\u00e2ques c\u00e9l\u00e8bre la R\u00e9surrection de J\u00e9sus-Christ. <\/p>\n\n\n\n<p>La p\u00e9riode des 40 jours avant P\u00e2ques s\u2019appelle le Car\u00eame. Il commence par le <strong>Mercredi des Cendres<\/strong>. Les chr\u00e9tiens sont invit\u00e9s \u00e0 vivre trois exp\u00e9riences\u00a0pendant le Car\u00eame: le je\u00fbne, l\u2019aum\u00f4ne et la pri\u00e8re. Le je\u00fbne attire l\u2019attention sur notre style de vie afin de laisser Dieu combler nos manques. Le but du je\u00fbne est aussi de nous encourager \u00e0 partager avec les autres, \u00e0 faire l\u2019aum\u00f4ne aux plus pauvres. Le Car\u00eame est enfin une p\u00e9riode de conversion et de pri\u00e8re pour pr\u00e9parer notre c\u0153ur \u00e0 recevoir le pardon de Dieu. <\/p>\n\n\n\n<p>La\u00a0Semaine Sainte est la derni\u00e8re semaine avant P\u00e2ques. Elle commence par la messe du dimanche des Rameaux. La messe de la C\u00e8ne du Seigneur est c\u00e9l\u00e9br\u00e9e\u00a0le Jeudi Saint. L\u2019Office de la Passion est c\u00e9l\u00e9br\u00e9 le Vendredi Saint. La Semaine Sainte s\u2019ach\u00e8ve avec la veill\u00e9e pascale pendant la nuit du Samedi Saint au dimanche de P\u00e2ques. On l\u2019appelle aussi Vigile pascale. Ses rites sont particuli\u00e8rement beaux et rassemblent tous les \u00e9l\u00e9ments symboliques du message de P\u00e2ques. Les bapt\u00eames d\u2019adultes et de jeunes sont c\u00e9l\u00e9br\u00e9s pendant la Vigile pascale. Les adultes baptis\u00e9s re\u00e7oivent en m\u00eame temps la Confirmation et l\u2019Eucharistie. Pendant le Car\u00eame, la paroisse organise une journ\u00e9e de r\u00e9collection. Elle permet \u00e0 chacun de se pr\u00e9parer spirituellement \u00e0 vivre en profondeur le Myst\u00e8re pascal. <\/p>\n","protected":false},"excerpt":{"rendered":"<p>P\u00e2ques est la f\u00eate la plus importante pour les chr\u00e9tiens. Au c\u0153ur de la foi chr\u00e9tienne, P\u00e2ques c\u00e9l\u00e8bre la R\u00e9surrection de J\u00e9sus-Christ. La p\u00e9riode des 40 jours avant P\u00e2ques s\u2019appelle le Car\u00eame. Il commence par le Mercredi des Cendres. Les chr\u00e9tiens sont invit\u00e9s \u00e0 vivre trois exp\u00e9riences\u00a0pendant le Car\u00eame: le je\u00fbne, l\u2019aum\u00f4ne et la pri\u00e8re. [&hellip;]<\/p>\n","protected":false},"author":4,"featured_media":0,"parent":0,"menu_order":0,"comment_status":"closed","ping_status":"closed","template":"","meta":{"footnotes":""},"class_list":["post-546","page","type-page","status-publish","hentry"],"_links":{"self":[{"href":"https:\/\/notredamedechine.fr\/index.php?rest_route=\/wp\/v2\/pages\/546","targetHints":{"allow":["GET"]}}],"collection":[{"href":"https:\/\/notredamedechine.fr\/index.php?rest_route=\/wp\/v2\/pages"}],"about":[{"href":"https:\/\/notredamedechine.fr\/index.php?rest_route=\/wp\/v2\/types\/page"}],"author":[{"embeddable":true,"href":"https:\/\/notredamedechine.fr\/index.php?rest_route=\/wp\/v2\/users\/4"}],"replies":[{"embeddable":true,"href":"https:\/\/notredamedechine.fr\/index.php?rest_route=%2Fwp%2Fv2%2Fcomments&post=546"}],"version-history":[{"count":1,"href":"https:\/\/notredamedechine.fr\/index.php?rest_route=\/wp\/v2\/pages\/546\/revisions"}],"predecessor-version":[{"id":547,"href":"https:\/\/notredamedechine.fr\/index.php?rest_route=\/wp\/v2\/pages\/546\/revisions\/547"}],"wp:attachment":[{"href":"https:\/\/notredamedechine.fr\/index.php?rest_route=%2Fwp%2Fv2%2Fmedia&parent=546"}],"curies":[{"name":"wp","href":"https:\/\/api.w.org\/{rel}","templated":true}]}}