{"id":680,"date":"2020-04-05T21:11:33","date_gmt":"2020-04-05T19:11:33","guid":{"rendered":"https:\/\/notredamedechine.fr\/?page_id=680"},"modified":"2020-04-05T21:11:34","modified_gmt":"2020-04-05T19:11:34","slug":"pelerinage-en-europe","status":"publish","type":"page","link":"https:\/\/notredamedechine.fr\/?page_id=680","title":{"rendered":"P\u00e8lerinage en Europe"},"content":{"rendered":"\n<figure class=\"wp-block-image size-large\"><img loading=\"lazy\" decoding=\"async\" width=\"1024\" height=\"683\" src=\"https:\/\/notredamedechine.fr\/wp-content\/uploads\/2020\/04\/p.44-P\u00e8lerinage-\u00e0-Avilla-201706-1024x683.jpg\" alt=\"\" class=\"wp-image-681\" srcset=\"https:\/\/notredamedechine.fr\/wp-content\/uploads\/2020\/04\/p.44-P\u00e8lerinage-\u00e0-Avilla-201706-1024x683.jpg 1024w, https:\/\/notredamedechine.fr\/wp-content\/uploads\/2020\/04\/p.44-P\u00e8lerinage-\u00e0-Avilla-201706-300x200.jpg 300w, https:\/\/notredamedechine.fr\/wp-content\/uploads\/2020\/04\/p.44-P\u00e8lerinage-\u00e0-Avilla-201706-768x512.jpg 768w, https:\/\/notredamedechine.fr\/wp-content\/uploads\/2020\/04\/p.44-P\u00e8lerinage-\u00e0-Avilla-201706-1536x1025.jpg 1536w, https:\/\/notredamedechine.fr\/wp-content\/uploads\/2020\/04\/p.44-P\u00e8lerinage-\u00e0-Avilla-201706-2048x1367.jpg 2048w\" sizes=\"auto, (max-width: 1024px) 100vw, 1024px\" \/><figcaption>P\u00e8lerinage \u00e0 Avila<\/figcaption><\/figure>\n\n\n\n<p>Pendant l\u2019ann\u00e9e de la Mis\u00e9ricorde (2015-2016), la\ncommunaut\u00e9 catholique chinoise de Paris a organis\u00e9 un p\u00e8lerinage d\u2019une semaine\nen Italie, faisant plusieurs escales \u00e0 Milan, Venise, Florence, Rome et enfin\nLianciano. En traversant les portes saintes de diverses basiliques et\ncath\u00e9drales, les p\u00e8lerins ont obtenu la gr\u00e2ce de l\u2019indulgence pl\u00e9ni\u00e8re de\nl\u2019ann\u00e9e de la Mis\u00e9ricorde. Ils ont ador\u00e9 \u00ab&nbsp;l\u2019Hostie-Chair&nbsp;\u00bb \u00e0\nLanciano. <\/p>\n\n\n\n<p>En 2017, lors du centenaire des apparitions de Notre-Dame \u00e0\u00a0Fatima, deux p\u00e8lerinages \u00e0 Fatima ont \u00e9t\u00e9 organis\u00e9s en juin pour 50 personnes et en octobre pour 30 personnes. Un p\u00e8lerinage en Gr\u00e8ce sur les pas de saint Paul a \u00e9t\u00e9 organis\u00e9 en 2019.   <\/p>\n","protected":false},"excerpt":{"rendered":"<p>Pendant l\u2019ann\u00e9e de la Mis\u00e9ricorde (2015-2016), la communaut\u00e9 catholique chinoise de Paris a organis\u00e9 un p\u00e8lerinage d\u2019une semaine en Italie, faisant plusieurs escales \u00e0 Milan, Venise, Florence, Rome et enfin Lianciano. En traversant les portes saintes de diverses basiliques et cath\u00e9drales, les p\u00e8lerins ont obtenu la gr\u00e2ce de l\u2019indulgence pl\u00e9ni\u00e8re de l\u2019ann\u00e9e de la Mis\u00e9ricorde. [&hellip;]<\/p>\n","protected":false},"author":4,"featured_media":0,"parent":0,"menu_order":0,"comment_status":"closed","ping_status":"closed","template":"","meta":{"footnotes":""},"class_list":["post-680","page","type-page","status-publish","hentry"],"_links":{"self":[{"href":"https:\/\/notredamedechine.fr\/index.php?rest_route=\/wp\/v2\/pages\/680","targetHints":{"allow":["GET"]}}],"collection":[{"href":"https:\/\/notredamedechine.fr\/index.php?rest_route=\/wp\/v2\/pages"}],"about":[{"href":"https:\/\/notredamedechine.fr\/index.php?rest_route=\/wp\/v2\/types\/page"}],"author":[{"embeddable":true,"href":"https:\/\/notredamedechine.fr\/index.php?rest_route=\/wp\/v2\/users\/4"}],"replies":[{"embeddable":true,"href":"https:\/\/notredamedechine.fr\/index.php?rest_route=%2Fwp%2Fv2%2Fcomments&post=680"}],"version-history":[{"count":1,"href":"https:\/\/notredamedechine.fr\/index.php?rest_route=\/wp\/v2\/pages\/680\/revisions"}],"predecessor-version":[{"id":682,"href":"https:\/\/notredamedechine.fr\/index.php?rest_route=\/wp\/v2\/pages\/680\/revisions\/682"}],"wp:attachment":[{"href":"https:\/\/notredamedechine.fr\/index.php?rest_route=%2Fwp%2Fv2%2Fmedia&parent=680"}],"curies":[{"name":"wp","href":"https:\/\/api.w.org\/{rel}","templated":true}]}}